{"version":"1.0","provider_name":"ALTARIA.ES","provider_url":"https:\/\/dudasytextos.com\/filologia","author_name":"Ivan Ledezma","author_url":"https:\/\/dudasytextos.com\/filologia\/author\/ivan-ledezma\/","title":"Festeja la diversidad ling\u00fc\u00edstica en el D\u00eda Mundial de los Idiomas [2026]","type":"rich","width":600,"height":338,"html":"<blockquote class=\"wp-embedded-content\" data-secret=\"r8l5GukbVa\"><a href=\"https:\/\/dudasytextos.com\/filologia\/idiomas\/dia-mundial-de-los-idiomas\/\">Festeja la diversidad ling\u00fc\u00edstica en el D\u00eda Mundial de los Idiomas<\/a><\/blockquote><iframe sandbox=\"allow-scripts\" security=\"restricted\" src=\"https:\/\/dudasytextos.com\/filologia\/idiomas\/dia-mundial-de-los-idiomas\/embed\/#?secret=r8l5GukbVa\" width=\"600\" height=\"338\" title=\"\u00abFesteja la diversidad ling\u00fc\u00edstica en el D\u00eda Mundial de los Idiomas\u00bb \u2014 ALTARIA.ES\" data-secret=\"r8l5GukbVa\" frameborder=\"0\" marginwidth=\"0\" marginheight=\"0\" scrolling=\"no\" class=\"wp-embedded-content\"><\/iframe><script>\n\/*! This file is auto-generated *\/\n!function(d,l){\"use strict\";l.querySelector&&d.addEventListener&&\"undefined\"!=typeof URL&&(d.wp=d.wp||{},d.wp.receiveEmbedMessage||(d.wp.receiveEmbedMessage=function(e){var t=e.data;if((t||t.secret||t.message||t.value)&&!\/[^a-zA-Z0-9]\/.test(t.secret)){for(var s,r,n,a=l.querySelectorAll('iframe[data-secret=\"'+t.secret+'\"]'),o=l.querySelectorAll('blockquote[data-secret=\"'+t.secret+'\"]'),c=new RegExp(\"^https?:$\",\"i\"),i=0;i<o.length;i++)o[i].style.display=\"none\";for(i=0;i<a.length;i++)s=a[i],e.source===s.contentWindow&&(s.removeAttribute(\"style\"),\"height\"===t.message?(1e3<(r=parseInt(t.value,10))?r=1e3:~~r<200&&(r=200),s.height=r):\"link\"===t.message&&(r=new URL(s.getAttribute(\"src\")),n=new URL(t.value),c.test(n.protocol))&&n.host===r.host&&l.activeElement===s&&(d.top.location.href=t.value))}},d.addEventListener(\"message\",d.wp.receiveEmbedMessage,!1),l.addEventListener(\"DOMContentLoaded\",function(){for(var e,t,s=l.querySelectorAll(\"iframe.wp-embedded-content\"),r=0;r<s.length;r++)(t=(e=s[r]).getAttribute(\"data-secret\"))||(t=Math.random().toString(36).substring(2,12),e.src+=\"#?secret=\"+t,e.setAttribute(\"data-secret\",t)),e.contentWindow.postMessage({message:\"ready\",secret:t},\"*\")},!1)))}(window,document);\n\/\/# sourceURL=https:\/\/dudasytextos.com\/filologia\/wp-includes\/js\/wp-embed.min.js\n<\/script>\n","thumbnail_url":"https:\/\/dudasytextos.com\/filologia\/wp-content\/uploads\/2023\/05\/ndYh0t5ib_0.jpg","thumbnail_width":768,"thumbnail_height":432,"description":"\u27a4 Festeja la diversidad ling\u00fc\u00edstica en el D\u00eda Mundial de los Idiomas \u261d El 26 de septiembre se celebra el D\u00eda Mundial de los Idiomas, una fecha que tiene como prop\u00f3sito conmemorar la riqueza ling\u00fc\u00edstica y cultural de nuestro ... \u27a4"}